{"id":457,"date":"2023-06-04T12:57:46","date_gmt":"2023-06-04T10:57:46","guid":{"rendered":"https:\/\/pg-markt-rettenbach.de\/neu\/?page_id=457"},"modified":"2026-04-20T14:09:07","modified_gmt":"2026-04-20T12:09:07","slug":"kita-hand-in-hand","status":"publish","type":"page","link":"https:\/\/pg-markt-rettenbach.de\/startseite\/startseite\/kita-hand-in-hand\/","title":{"rendered":"KiTa Hand in Hand"},"content":{"rendered":"\t\t<div data-elementor-type=\"wp-page\" data-elementor-id=\"457\" class=\"elementor elementor-457\" data-elementor-post-type=\"page\">\n\t\t\t\t\t\t<section class=\"elementor-section elementor-top-section elementor-element elementor-element-961da4f elementor-section-boxed elementor-section-height-default elementor-section-height-default\" data-id=\"961da4f\" data-element_type=\"section\" data-e-type=\"section\">\n\t\t\t\t\t\t<div class=\"elementor-container elementor-column-gap-default\">\n\t\t\t\t\t<div class=\"elementor-column elementor-col-50 elementor-top-column elementor-element elementor-element-b516161\" data-id=\"b516161\" data-element_type=\"column\" data-e-type=\"column\">\n\t\t\t<div class=\"elementor-widget-wrap elementor-element-populated\">\n\t\t\t\t\t\t<div class=\"elementor-element elementor-element-9eca7b4 elementor-widget elementor-widget-heading\" data-id=\"9eca7b4\" data-element_type=\"widget\" data-e-type=\"widget\" data-widget_type=\"heading.default\">\n\t\t\t\t<div class=\"elementor-widget-container\">\n\t\t\t\t\t<h2 class=\"elementor-heading-title elementor-size-xl\">Kindertagesst\u00e4tte \"Hand in Hand\"<\/h2>\t\t\t\t<\/div>\n\t\t\t\t<\/div>\n\t\t\t\t<div class=\"elementor-element elementor-element-bb0c7b3 elementor-widget elementor-widget-heading\" data-id=\"bb0c7b3\" data-element_type=\"widget\" data-e-type=\"widget\" data-widget_type=\"heading.default\">\n\t\t\t\t<div class=\"elementor-widget-container\">\n\t\t\t\t\t<h2 class=\"elementor-heading-title elementor-size-large\">Markt Rettenbach - Engetried - Frechenrieden<\/h2>\t\t\t\t<\/div>\n\t\t\t\t<\/div>\n\t\t\t\t\t<\/div>\n\t\t<\/div>\n\t\t\t\t<div class=\"elementor-column elementor-col-50 elementor-top-column elementor-element elementor-element-4d1b688\" data-id=\"4d1b688\" data-element_type=\"column\" data-e-type=\"column\">\n\t\t\t<div class=\"elementor-widget-wrap elementor-element-populated\">\n\t\t\t\t\t\t<div class=\"elementor-element elementor-element-d9f8f32 elementor-widget elementor-widget-image\" data-id=\"d9f8f32\" data-element_type=\"widget\" data-e-type=\"widget\" data-widget_type=\"image.default\">\n\t\t\t\t<div class=\"elementor-widget-container\">\n\t\t\t\t\t\t\t\t\t\t\t\t\t\t\t<img fetchpriority=\"high\" decoding=\"async\" width=\"495\" height=\"284\" src=\"https:\/\/pg-markt-rettenbach.de\/wp-content\/uploads\/2023\/09\/Logo-KiTa-Hand-in-Hand.png\" class=\"attachment-large size-large wp-image-5195\" alt=\"\" srcset=\"https:\/\/pg-markt-rettenbach.de\/wp-content\/uploads\/2023\/09\/Logo-KiTa-Hand-in-Hand.png 495w, https:\/\/pg-markt-rettenbach.de\/wp-content\/uploads\/2023\/09\/Logo-KiTa-Hand-in-Hand-300x172.png 300w\" sizes=\"(max-width: 495px) 100vw, 495px\" \/>\t\t\t\t\t\t\t\t\t\t\t\t\t\t\t<\/div>\n\t\t\t\t<\/div>\n\t\t\t\t\t<\/div>\n\t\t<\/div>\n\t\t\t\t\t<\/div>\n\t\t<\/section>\n\t\t\t\t<section class=\"elementor-section elementor-top-section elementor-element elementor-element-5ee0f85 elementor-section-boxed elementor-section-height-default elementor-section-height-default\" data-id=\"5ee0f85\" data-element_type=\"section\" data-e-type=\"section\">\n\t\t\t\t\t\t<div class=\"elementor-container elementor-column-gap-default\">\n\t\t\t\t\t<div class=\"elementor-column elementor-col-50 elementor-top-column elementor-element elementor-element-7e6c2ab\" data-id=\"7e6c2ab\" data-element_type=\"column\" data-e-type=\"column\">\n\t\t\t<div class=\"elementor-widget-wrap elementor-element-populated\">\n\t\t\t\t\t\t<div class=\"elementor-element elementor-element-acc75f4 elementor-widget elementor-widget-text-editor\" data-id=\"acc75f4\" data-element_type=\"widget\" data-e-type=\"widget\" data-widget_type=\"text-editor.default\">\n\t\t\t\t<div class=\"elementor-widget-container\">\n\t\t\t\t\t\t\t\t\t<p>Herzlich Willkommen in unseren Kindertagesst\u00e4tten der Gemeinde Markt Rettenbach! Unsere katholischen Kindertagesst\u00e4tten mit ihren vier Standorten stellen wir Ihnen auf diesen Seiten vor. Der Tr\u00e4ger dieser vier Kindertagesst\u00e4tten ist die Kirchenstiftung &#8222;St. Jakobus major&#8220; in Markt Rettenbach.<\/p>\n<p>\u00a0<\/p>\t\t\t\t\t\t\t\t<\/div>\n\t\t\t\t<\/div>\n\t\t\t\t\t<\/div>\n\t\t<\/div>\n\t\t\t\t<div class=\"elementor-column elementor-col-50 elementor-top-column elementor-element elementor-element-e5c2a2d\" data-id=\"e5c2a2d\" data-element_type=\"column\" data-e-type=\"column\">\n\t\t\t<div class=\"elementor-widget-wrap elementor-element-populated\">\n\t\t\t\t\t\t<div class=\"elementor-element elementor-element-c2cb457 elementor-widget elementor-widget-heading\" data-id=\"c2cb457\" data-element_type=\"widget\" data-e-type=\"widget\" data-widget_type=\"heading.default\">\n\t\t\t\t<div class=\"elementor-widget-container\">\n\t\t\t\t\t<h2 class=\"elementor-heading-title elementor-size-medium\">M\u00f6chten Sie sich bewerben?<\/h2>\t\t\t\t<\/div>\n\t\t\t\t<\/div>\n\t\t\t\t<div class=\"elementor-element elementor-element-cee23f1 elementor-widget elementor-widget-text-editor\" data-id=\"cee23f1\" data-element_type=\"widget\" data-e-type=\"widget\" data-widget_type=\"text-editor.default\">\n\t\t\t\t<div class=\"elementor-widget-container\">\n\t\t\t\t\t\t\t\t\t<p>Wir w\u00fcrden uns freuen, Sie kennen zu lernen! Aktuelle Stellenangebote finden Sie hier:<\/p>\n<p><span style=\"color: var( --e-global-color-text );\"><a href=\"https:\/\/pg-markt-rettenbach.de\/wp-content\/uploads\/2023\/09\/Stellenanzeige-Markt-Rettenbach-September-2023-Praktikanten.pdf\">Praktikanten Markt Rettenbach<\/a><br \/><\/span><a href=\"https:\/\/pg-markt-rettenbach.de\/wp-content\/uploads\/2023\/09\/Praktikanten-Engetried-und-Frechenrieden.pdf\">Praktikanten Engetried und Frechenrieden<\/a><\/p>\t\t\t\t\t\t\t\t<\/div>\n\t\t\t\t<\/div>\n\t\t\t\t\t<\/div>\n\t\t<\/div>\n\t\t\t\t\t<\/div>\n\t\t<\/section>\n\t\t\t\t<section class=\"elementor-section elementor-top-section elementor-element elementor-element-cec098f elementor-section-boxed elementor-section-height-default elementor-section-height-default\" data-id=\"cec098f\" data-element_type=\"section\" data-e-type=\"section\">\n\t\t\t\t\t\t<div class=\"elementor-container elementor-column-gap-default\">\n\t\t\t\t\t<div class=\"elementor-column elementor-col-50 elementor-top-column elementor-element elementor-element-49b2528\" data-id=\"49b2528\" data-element_type=\"column\" data-e-type=\"column\">\n\t\t\t<div class=\"elementor-widget-wrap elementor-element-populated\">\n\t\t\t\t\t\t<div class=\"elementor-element elementor-element-09971a5 elementor-widget elementor-widget-text-editor\" data-id=\"09971a5\" data-element_type=\"widget\" data-e-type=\"widget\" data-widget_type=\"text-editor.default\">\n\t\t\t\t<div class=\"elementor-widget-container\">\n\t\t\t\t\t\t\t\t\t<p><a style=\"font-family: var( --e-global-typography-text-font-family ), Sans-serif; font-size: var( --e-global-typography-text-font-size ); font-weight: var( --e-global-typography-text-font-weight ); background-color: #ffffff;\" href=\"https:\/\/pg-markt-rettenbach.de\/startseite\/kita-hand-in-hand\/kita-markt-rettenbach-2\/\"><b>Kindergarten Hand in Hand Markt Rettenbach<\/b><\/a><\/p>\n<div>\n<div style=\"flex-basis: 33.33%;\"><span style=\"color: var( --e-global-color-text ); font-family: var( --e-global-typography-text-font-family ), Sans-serif; font-size: var( --e-global-typography-text-font-size ); font-weight: var( --e-global-typography-text-font-weight );\">Gesamtleitung: Michaela Holzhauser<\/span><\/div>\n<\/div>\n<div>\n<div style=\"flex-basis: 66.66%;\">\n<div>\n<div style=\"flex-basis: 33.33%;\">\n<p>Schwesternstra\u00dfe 20, 87733 Markt Rettenbach<br \/><span style=\"color: var( --e-global-color-text ); font-family: var( --e-global-typography-text-font-family ), Sans-serif; font-size: var( --e-global-typography-text-font-size ); font-weight: var( --e-global-typography-text-font-weight );\">Tel. \u00a008392\/515<br \/><\/span><span style=\"color: var( --e-global-color-text ); font-family: var( --e-global-typography-text-font-family ), Sans-serif; font-size: var( --e-global-typography-text-font-size ); font-weight: var( --e-global-typography-text-font-weight );\">Email:\u00a0\u00a0<\/span><a style=\"font-family: var( --e-global-typography-text-font-family ), Sans-serif; font-size: var( --e-global-typography-text-font-size ); font-weight: var( --e-global-typography-text-font-weight ); background-color: #ffffff;\" href=\"mailto:kita.markt.rettenbach@bistum-augsburg.de\">kita.markt.rettenbach@bistum-augsburg.de<\/a><span style=\"color: var( --e-global-color-text ); font-family: var( --e-global-typography-text-font-family ), Sans-serif; font-size: var( --e-global-typography-text-font-size ); font-weight: var( --e-global-typography-text-font-weight );\">\u00a0 \u00a0 \u00a0<\/span><\/p>\n<p><span style=\"color: var( --e-global-color-text ); font-family: var( --e-global-typography-text-font-family ), Sans-serif; font-size: var( --e-global-typography-text-font-size ); font-weight: var( --e-global-typography-text-font-weight );\">\u00d6ffnungszeiten Kindergarten:<br \/><\/span><span style=\"color: var( --e-global-color-text ); font-family: var( --e-global-typography-text-font-family ), Sans-serif; font-size: var( --e-global-typography-text-font-size ); font-weight: var( --e-global-typography-text-font-weight );\">Mo &#8211; Do 07:00 Uhr &#8211; 16:30 Uhr<br \/><\/span><span style=\"color: var( --e-global-color-text ); font-family: var( --e-global-typography-text-font-family ), Sans-serif; font-size: var( --e-global-typography-text-font-size ); font-weight: var( --e-global-typography-text-font-weight );\">Fr\u00a0 \u00a0 \u00a0 \u00a0 \u00a0 \u00a0 07:00 Uhr &#8211; 13:30 Uhr<\/span><\/p>\n<p><span style=\"color: var( --e-global-color-text ); font-family: var( --e-global-typography-text-font-family ), Sans-serif; font-size: var( --e-global-typography-text-font-size ); font-weight: var( --e-global-typography-text-font-weight );\">\u00d6ffnungszeiten Krippe:<br \/><\/span><span style=\"color: var( --e-global-color-text ); font-family: var( --e-global-typography-text-font-family ), Sans-serif; font-size: var( --e-global-typography-text-font-size ); font-weight: var( --e-global-typography-text-font-weight );\">Mo &#8211; Do 07:00 Uhr &#8211; 15:00 Uhr<br \/><\/span><span style=\"color: var( --e-global-color-text ); font-family: var( --e-global-typography-text-font-family ), Sans-serif; font-size: var( --e-global-typography-text-font-size ); font-weight: var( --e-global-typography-text-font-weight );\">Fr\u00a0 \u00a0 \u00a0 \u00a0 \u00a0 \u00a0 07:00 Uhr &#8211; 13:30 Uhr<\/span><\/p>\n<\/div>\n<\/div>\n<\/div>\n<\/div>\t\t\t\t\t\t\t\t<\/div>\n\t\t\t\t<\/div>\n\t\t\t\t<div class=\"elementor-element elementor-element-7c6aab1 elementor-align-justify elementor-widget__width-initial elementor-invisible elementor-widget elementor-widget-button\" data-id=\"7c6aab1\" data-element_type=\"widget\" data-e-type=\"widget\" data-settings=\"{&quot;_animation&quot;:&quot;bounceIn&quot;}\" data-widget_type=\"button.default\">\n\t\t\t\t<div class=\"elementor-widget-container\">\n\t\t\t\t\t\t\t\t\t<div class=\"elementor-button-wrapper\">\n\t\t\t\t\t<a class=\"elementor-button elementor-button-link elementor-size-xs\" href=\"https:\/\/www.instagram.com\/kita.markt.rettenbach\/\" target=\"_blank\">\n\t\t\t\t\t\t<span class=\"elementor-button-content-wrapper\">\n\t\t\t\t\t\t\t\t\t<span class=\"elementor-button-text\">KiTa Markt Rettenbach Instagram (Account erforderlich!)<\/span>\n\t\t\t\t\t<\/span>\n\t\t\t\t\t<\/a>\n\t\t\t\t<\/div>\n\t\t\t\t\t\t\t\t<\/div>\n\t\t\t\t<\/div>\n\t\t\t\t\t<\/div>\n\t\t<\/div>\n\t\t\t\t<div class=\"elementor-column elementor-col-50 elementor-top-column elementor-element elementor-element-50877d3\" data-id=\"50877d3\" data-element_type=\"column\" data-e-type=\"column\">\n\t\t\t<div class=\"elementor-widget-wrap elementor-element-populated\">\n\t\t\t\t\t\t<div class=\"elementor-element elementor-element-660cb60 elementor-widget elementor-widget-image\" data-id=\"660cb60\" data-element_type=\"widget\" data-e-type=\"widget\" data-widget_type=\"image.default\">\n\t\t\t\t<div class=\"elementor-widget-container\">\n\t\t\t\t\t\t\t\t\t\t\t\t<figure class=\"wp-caption\">\n\t\t\t\t\t\t\t\t\t\t\t<a href=\"https:\/\/pg-markt-rettenbach.de\/startseite\/startseite\/kita-hand-in-hand\/kita-markt-rettenbach-2\/\">\n\t\t\t\t\t\t\t<img decoding=\"async\" width=\"768\" height=\"511\" src=\"https:\/\/pg-markt-rettenbach.de\/wp-content\/uploads\/2025\/01\/Kita-Hand-in-Hand-768x511.jpg\" class=\"attachment-medium_large size-medium_large wp-image-13629\" alt=\"\" srcset=\"https:\/\/pg-markt-rettenbach.de\/wp-content\/uploads\/2025\/01\/Kita-Hand-in-Hand-768x511.jpg 768w, https:\/\/pg-markt-rettenbach.de\/wp-content\/uploads\/2025\/01\/Kita-Hand-in-Hand-300x200.jpg 300w, https:\/\/pg-markt-rettenbach.de\/wp-content\/uploads\/2025\/01\/Kita-Hand-in-Hand-1024x681.jpg 1024w, https:\/\/pg-markt-rettenbach.de\/wp-content\/uploads\/2025\/01\/Kita-Hand-in-Hand-1536x1022.jpg 1536w, https:\/\/pg-markt-rettenbach.de\/wp-content\/uploads\/2025\/01\/Kita-Hand-in-Hand-2048x1363.jpg 2048w\" sizes=\"(max-width: 768px) 100vw, 768px\" \/>\t\t\t\t\t\t\t\t<\/a>\n\t\t\t\t\t\t\t\t\t\t\t<figcaption class=\"widget-image-caption wp-caption-text\">Au\u00dfenansicht Kita Hand in Hand<\/figcaption>\n\t\t\t\t\t\t\t\t\t\t<\/figure>\n\t\t\t\t\t\t\t\t\t<\/div>\n\t\t\t\t<\/div>\n\t\t\t\t\t<\/div>\n\t\t<\/div>\n\t\t\t\t\t<\/div>\n\t\t<\/section>\n\t\t\t\t<section class=\"elementor-section elementor-top-section elementor-element elementor-element-04849c9 elementor-section-boxed elementor-section-height-default elementor-section-height-default\" data-id=\"04849c9\" data-element_type=\"section\" data-e-type=\"section\">\n\t\t\t\t\t\t<div class=\"elementor-container elementor-column-gap-default\">\n\t\t\t\t\t<div class=\"elementor-column elementor-col-50 elementor-top-column elementor-element elementor-element-d4d0569\" data-id=\"d4d0569\" data-element_type=\"column\" data-e-type=\"column\">\n\t\t\t<div class=\"elementor-widget-wrap elementor-element-populated\">\n\t\t\t\t\t\t<div class=\"elementor-element elementor-element-8fd1f4a elementor-widget elementor-widget-text-editor\" data-id=\"8fd1f4a\" data-element_type=\"widget\" data-e-type=\"widget\" data-widget_type=\"text-editor.default\">\n\t\t\t\t<div class=\"elementor-widget-container\">\n\t\t\t\t\t\t\t\t\t<p><strong style=\"color: var( --e-global-color-text ); font-family: var( --e-global-typography-text-font-family ), Sans-serif; font-size: var( --e-global-typography-text-font-size );\"><a href=\"https:\/\/pg-markt-rettenbach.de\/startseite\/kita-hand-in-hand\/kindergarten-frechenrieden\/\" data-type=\"page\" data-id=\"533\">Katholischer Kindergarten St. Gordian &amp; Epimach Frechenrieden<\/a><\/strong><\/p>\n<p>Hausleitung: Petra Huber<br \/><span style=\"color: var( --e-global-color-text ); font-family: var( --e-global-typography-text-font-family ), Sans-serif; font-size: var( --e-global-typography-text-font-size ); font-weight: var( --e-global-typography-text-font-weight );\">Hochf\u00fcrststra\u00dfe 24,\u00a0<br \/><\/span><span style=\"color: var( --e-global-color-text ); font-family: var( --e-global-typography-text-font-family ), Sans-serif; font-size: var( --e-global-typography-text-font-size ); font-weight: var( --e-global-typography-text-font-weight );\">87733 Markt Rettenbach-Frechenrieden<br \/><\/span><span style=\"color: var( --e-global-color-text ); font-family: var( --e-global-typography-text-font-family ), Sans-serif; font-size: var( --e-global-typography-text-font-size ); font-weight: var( --e-global-typography-text-font-weight );\">Tel. 08392\/282<br \/><\/span><span style=\"color: var( --e-global-color-text ); font-family: var( --e-global-typography-text-font-family ), Sans-serif; font-size: var( --e-global-typography-text-font-size ); font-weight: var( --e-global-typography-text-font-weight );\">Email:\u00a0<\/span><a style=\"font-family: var( --e-global-typography-text-font-family ), Sans-serif; font-size: var( --e-global-typography-text-font-size ); font-weight: var( --e-global-typography-text-font-weight ); background-color: #ffffff;\" href=\"mailto:kiga.frechenrieden@bistum-augsburg.de\">kiga.frechenrieden@bistum-augsburg.de<\/a><\/p>\n<p>\u00d6ffnungszeiten:<br \/>Mo &amp; Mi\u00a0 \u00a0 \u00a0 07:15 Uhr &#8211; 16:30 Uhr<br \/>Di, Do &amp; Fr\u00a0 07:15 Uhr &#8211; 13:00 Uhr<\/p>\t\t\t\t\t\t\t\t<\/div>\n\t\t\t\t<\/div>\n\t\t\t\t\t<\/div>\n\t\t<\/div>\n\t\t\t\t<div class=\"elementor-column elementor-col-50 elementor-top-column elementor-element elementor-element-f6f0d64\" data-id=\"f6f0d64\" data-element_type=\"column\" data-e-type=\"column\">\n\t\t\t<div class=\"elementor-widget-wrap elementor-element-populated\">\n\t\t\t\t\t\t<div class=\"elementor-element elementor-element-504613a elementor-widget elementor-widget-image\" data-id=\"504613a\" data-element_type=\"widget\" data-e-type=\"widget\" data-widget_type=\"image.default\">\n\t\t\t\t<div class=\"elementor-widget-container\">\n\t\t\t\t\t\t\t\t\t\t\t\t<figure class=\"wp-caption\">\n\t\t\t\t\t\t\t\t\t\t\t<a href=\"https:\/\/pg-markt-rettenbach.de\/startseite\/startseite\/kita-hand-in-hand\/kindergarten-frechenrieden\/\">\n\t\t\t\t\t\t\t<img decoding=\"async\" width=\"778\" height=\"587\" src=\"https:\/\/pg-markt-rettenbach.de\/wp-content\/uploads\/2023\/09\/KiTa-Frechenrieden-aussen.jpg\" class=\"attachment-large size-large wp-image-5335\" alt=\"\" srcset=\"https:\/\/pg-markt-rettenbach.de\/wp-content\/uploads\/2023\/09\/KiTa-Frechenrieden-aussen.jpg 778w, https:\/\/pg-markt-rettenbach.de\/wp-content\/uploads\/2023\/09\/KiTa-Frechenrieden-aussen-300x226.jpg 300w, https:\/\/pg-markt-rettenbach.de\/wp-content\/uploads\/2023\/09\/KiTa-Frechenrieden-aussen-768x579.jpg 768w\" sizes=\"(max-width: 778px) 100vw, 778px\" \/>\t\t\t\t\t\t\t\t<\/a>\n\t\t\t\t\t\t\t\t\t\t\t<figcaption class=\"widget-image-caption wp-caption-text\">Neuer Kindergarten in der Hochf\u00fcrststra\u00dfe<\/figcaption>\n\t\t\t\t\t\t\t\t\t\t<\/figure>\n\t\t\t\t\t\t\t\t\t<\/div>\n\t\t\t\t<\/div>\n\t\t\t\t\t<\/div>\n\t\t<\/div>\n\t\t\t\t\t<\/div>\n\t\t<\/section>\n\t\t\t\t<section class=\"elementor-section elementor-top-section elementor-element elementor-element-101f4f3 elementor-section-boxed elementor-section-height-default elementor-section-height-default\" data-id=\"101f4f3\" data-element_type=\"section\" data-e-type=\"section\">\n\t\t\t\t\t\t<div class=\"elementor-container elementor-column-gap-default\">\n\t\t\t\t\t<div class=\"elementor-column elementor-col-50 elementor-top-column elementor-element elementor-element-be20396\" data-id=\"be20396\" data-element_type=\"column\" data-e-type=\"column\">\n\t\t\t<div class=\"elementor-widget-wrap elementor-element-populated\">\n\t\t\t\t\t\t<div class=\"elementor-element elementor-element-b245039 elementor-widget elementor-widget-text-editor\" data-id=\"b245039\" data-element_type=\"widget\" data-e-type=\"widget\" data-widget_type=\"text-editor.default\">\n\t\t\t\t<div class=\"elementor-widget-container\">\n\t\t\t\t\t\t\t\t\t<p><strong style=\"color: var( --e-global-color-text ); font-family: var( --e-global-typography-text-font-family ), Sans-serif; font-size: var( --e-global-typography-text-font-size );\"><a href=\"https:\/\/pg-markt-rettenbach.de\/startseite\/kita-hand-in-hand\/kindergarten-st-blasius-engetried\/\" data-type=\"page\" data-id=\"536\">Katholischer Kindergarten St. Blasius<\/a><\/strong><\/p>\n<div class=\"wp-block-columns\">\n<div class=\"wp-block-column\" style=\"flex-basis: 66.66%;\">\n<p><!-- \/wp:paragraph --><\/p>\n<p><!-- wp:paragraph --><\/p>\n<p>Hausleitung: Laura Bumann<br \/><span style=\"color: var( --e-global-color-text ); font-family: var( --e-global-typography-text-font-family ), Sans-serif; font-size: var( --e-global-typography-text-font-size ); font-weight: var( --e-global-typography-text-font-weight );\">Hillenloher Str. 23, 87733 Markt Rettenbach- Engetried<br \/><\/span><span style=\"color: var( --e-global-color-text ); font-family: var( --e-global-typography-text-font-family ), Sans-serif; font-size: var( --e-global-typography-text-font-size ); font-weight: var( --e-global-typography-text-font-weight );\">Tel.: 08392\/933994<br \/><\/span><span style=\"color: var( --e-global-color-text ); font-family: var( --e-global-typography-text-font-family ), Sans-serif; font-size: var( --e-global-typography-text-font-size ); font-weight: var( --e-global-typography-text-font-weight );\">Email:\u00a0<\/span><a style=\"font-family: var( --e-global-typography-text-font-family ), Sans-serif; font-size: var( --e-global-typography-text-font-size ); font-weight: var( --e-global-typography-text-font-weight ); background-color: #ffffff;\" href=\"mailto:kiga.engetried@bistum-augsburg.de\">kiga.engetried@bistum-augsburg.de<\/a><\/p>\n<p><!-- \/wp:paragraph --><\/p>\n<p><!-- wp:paragraph --><\/p>\n<p>\u00d6ffnungszeiten:<br \/><span style=\"color: var( --e-global-color-text ); font-family: var( --e-global-typography-text-font-family ), Sans-serif; font-size: var( --e-global-typography-text-font-size ); font-weight: var( --e-global-typography-text-font-weight );\">Mo &amp; Fr\u00a0 07:30 Uhr &#8211; 13:00 Uhr<br \/><\/span><span style=\"color: var( --e-global-color-text ); font-family: var( --e-global-typography-text-font-family ), Sans-serif; font-size: var( --e-global-typography-text-font-size ); font-weight: var( --e-global-typography-text-font-weight );\">Di &#8211; Do\u00a0 \u00a0 07:30 Uhr &#8211; 16:30 Uhr<br \/><\/span><\/p>\n<\/div>\n<\/div>\t\t\t\t\t\t\t\t<\/div>\n\t\t\t\t<\/div>\n\t\t\t\t\t<\/div>\n\t\t<\/div>\n\t\t\t\t<div class=\"elementor-column elementor-col-50 elementor-top-column elementor-element elementor-element-bce49e5\" data-id=\"bce49e5\" data-element_type=\"column\" data-e-type=\"column\">\n\t\t\t<div class=\"elementor-widget-wrap elementor-element-populated\">\n\t\t\t\t\t\t<div class=\"elementor-element elementor-element-cc26081 elementor-widget elementor-widget-text-editor\" data-id=\"cc26081\" data-element_type=\"widget\" data-e-type=\"widget\" data-widget_type=\"text-editor.default\">\n\t\t\t\t<div class=\"elementor-widget-container\">\n\t\t\t\t\t\t\t\t\t<p><a href=\"https:\/\/pg-markt-rettenbach.de\/startseite\/kita-hand-in-hand\/kindergarten-st-blasius-engetried\/\"><img loading=\"lazy\" decoding=\"async\" width=\"448\" height=\"336\" class=\"wp-image-469\" src=\"https:\/\/pg-markt-rettenbach.de\/wp-content\/uploads\/2023\/06\/image-1.png\" alt=\"\" srcset=\"https:\/\/pg-markt-rettenbach.de\/wp-content\/uploads\/2023\/06\/image-1.png 448w, https:\/\/pg-markt-rettenbach.de\/wp-content\/uploads\/2023\/06\/image-1-300x225.png 300w\" sizes=\"(max-width: 448px) 100vw, 448px\" \/><\/a><\/p>\n<p>Engetried &#8211; Eingang zum Kindergarten St. Blasius<\/p>\t\t\t\t\t\t\t\t<\/div>\n\t\t\t\t<\/div>\n\t\t\t\t\t<\/div>\n\t\t<\/div>\n\t\t\t\t\t<\/div>\n\t\t<\/section>\n\t\t\t\t<section class=\"elementor-section elementor-top-section elementor-element elementor-element-00bc79c elementor-section-boxed elementor-section-height-default elementor-section-height-default\" data-id=\"00bc79c\" data-element_type=\"section\" data-e-type=\"section\">\n\t\t\t\t\t\t<div class=\"elementor-container elementor-column-gap-default\">\n\t\t\t\t\t<div class=\"elementor-column elementor-col-50 elementor-top-column elementor-element elementor-element-4c41f5e\" data-id=\"4c41f5e\" data-element_type=\"column\" data-e-type=\"column\">\n\t\t\t<div class=\"elementor-widget-wrap elementor-element-populated\">\n\t\t\t\t\t\t<div class=\"elementor-element elementor-element-a3cee5e elementor-widget elementor-widget-text-editor\" data-id=\"a3cee5e\" data-element_type=\"widget\" data-e-type=\"widget\" data-widget_type=\"text-editor.default\">\n\t\t\t\t<div class=\"elementor-widget-container\">\n\t\t\t\t\t\t\t\t\t<p><strong><a href=\"https:\/\/pg-markt-rettenbach.de\/startseite\/startseite\/kita-hand-in-hand\/kindergarten-st-blasius-engetried\/waldkindergarten\/\">Katholischer Waldkindergarten St. Blasius<\/a><\/strong><\/p>\t\t\t\t\t\t\t\t<\/div>\n\t\t\t\t<\/div>\n\t\t\t\t<div class=\"elementor-element elementor-element-6768707 elementor-widget elementor-widget-text-editor\" data-id=\"6768707\" data-element_type=\"widget\" data-e-type=\"widget\" data-widget_type=\"text-editor.default\">\n\t\t\t\t<div class=\"elementor-widget-container\">\n\t\t\t\t\t\t\t\t\t<p>Hausleitung: Inge Muth<br \/>Hillenloher Str. 23<br \/>87733 Markt Rettenbach<br \/>0151\/654 33 222<br \/>Email: kiga.engetried@bistum-augsburg.de<\/p>\n<p>\u00d6ffnungszeiten:<\/p>\n<p>Mo &#8211; Fr 07:30 Uhr &#8211; 13:00 Uhr<\/p>\t\t\t\t\t\t\t\t<\/div>\n\t\t\t\t<\/div>\n\t\t\t\t\t<\/div>\n\t\t<\/div>\n\t\t\t\t<div class=\"elementor-column elementor-col-50 elementor-top-column elementor-element elementor-element-2fc54ff\" data-id=\"2fc54ff\" data-element_type=\"column\" data-e-type=\"column\">\n\t\t\t<div class=\"elementor-widget-wrap elementor-element-populated\">\n\t\t\t\t\t\t<div class=\"elementor-element elementor-element-4409527 elementor-widget elementor-widget-image\" data-id=\"4409527\" data-element_type=\"widget\" data-e-type=\"widget\" data-widget_type=\"image.default\">\n\t\t\t\t<div class=\"elementor-widget-container\">\n\t\t\t\t\t\t\t\t\t\t\t\t\t\t\t<img loading=\"lazy\" decoding=\"async\" width=\"800\" height=\"600\" src=\"https:\/\/pg-markt-rettenbach.de\/wp-content\/uploads\/2025\/11\/Huette-Okt-25-1024x768.jpg\" class=\"attachment-large size-large wp-image-15734\" alt=\"\" srcset=\"https:\/\/pg-markt-rettenbach.de\/wp-content\/uploads\/2025\/11\/Huette-Okt-25-1024x768.jpg 1024w, https:\/\/pg-markt-rettenbach.de\/wp-content\/uploads\/2025\/11\/Huette-Okt-25-300x225.jpg 300w, https:\/\/pg-markt-rettenbach.de\/wp-content\/uploads\/2025\/11\/Huette-Okt-25-768x576.jpg 768w, https:\/\/pg-markt-rettenbach.de\/wp-content\/uploads\/2025\/11\/Huette-Okt-25-1536x1152.jpg 1536w, https:\/\/pg-markt-rettenbach.de\/wp-content\/uploads\/2025\/11\/Huette-Okt-25.jpg 1632w\" sizes=\"(max-width: 800px) 100vw, 800px\" \/>\t\t\t\t\t\t\t\t\t\t\t\t\t\t\t<\/div>\n\t\t\t\t<\/div>\n\t\t\t\t\t<\/div>\n\t\t<\/div>\n\t\t\t\t\t<\/div>\n\t\t<\/section>\n\t\t\t\t<section class=\"elementor-section elementor-top-section elementor-element elementor-element-37d5a4c1 elementor-section-boxed elementor-section-height-default elementor-section-height-default\" data-id=\"37d5a4c1\" data-element_type=\"section\" data-e-type=\"section\">\n\t\t\t\t\t\t<div class=\"elementor-container elementor-column-gap-default\">\n\t\t\t\t\t<div class=\"elementor-column elementor-col-100 elementor-top-column elementor-element elementor-element-55cad63d\" data-id=\"55cad63d\" data-element_type=\"column\" data-e-type=\"column\">\n\t\t\t<div class=\"elementor-widget-wrap elementor-element-populated\">\n\t\t\t\t\t\t<div class=\"elementor-element elementor-element-5b2ea13f elementor-widget elementor-widget-text-editor\" data-id=\"5b2ea13f\" data-element_type=\"widget\" data-e-type=\"widget\" data-widget_type=\"text-editor.default\">\n\t\t\t\t<div class=\"elementor-widget-container\">\n\t\t\t\t\t\t\t\t\t<h2><span style=\"color: var( --e-global-color-text ); font-family: var( --e-global-typography-text-font-family ), Sans-serif; font-size: var( --e-global-typography-text-font-size ); font-weight: var( --e-global-typography-text-font-weight );\">Elternbeitr\u00e4ge: (ab September 2025)<\/span><\/h2>\n<p><!-- \/wp:paragraph --><\/p>\n<p><!-- wp:paragraph --><\/p>\n<p>Der monatliche Elternbeitrag betr\u00e4gt bei einer Buchungszeit von<\/p>\n<p><!-- \/wp:paragraph --><\/p>\n<p><!-- wp:table --><\/p>\n<figure class=\"wp-block-table\">\n<table>\n<tbody>\n<tr>\n<td>f\u00fcr Kinder in einem Alter\u00a0<\/td>\n<td>\u00a0\u00a0unter 3 Jahre\u00a0\u00a0<\/td>\n<td>\u00a0 \u00a0 \u00fcber\u00a03 Jahre\u00a0<\/td>\n<\/tr>\n<tr>\n<td>2 &#8211; 3 Stunden \/Tag (Krippe)<\/td>\n<td>165 \u20ac\u00a0<\/td>\n<td>155 \u20ac (nur SVE-Kinder)<\/td>\n<\/tr>\n<tr>\n<td>3 &#8211; 4 Stunden \/ Tag (Mindestbuchungszeit)\u00a0\u00a0\u00a0\u00a0\u00a0\u00a0\u00a0<\/td>\n<td>180 \u20ac<\/td>\n<td>170 \u20ac<\/td>\n<\/tr>\n<tr>\n<td>4 &#8211; 5 Stunden \/ Tag<\/td>\n<td>200 \u20ac<\/td>\n<td>185 \u20ac<\/td>\n<\/tr>\n<tr>\n<td>5 &#8211; 6 Stunden \/ Tag<\/td>\n<td>220 \u20ac<\/td>\n<td>200 \u20ac<\/td>\n<\/tr>\n<tr>\n<td>6 &#8211; 7 Stunden \/ Tag<\/td>\n<td>240 \u20ac<\/td>\n<td>215 \u20ac<\/td>\n<\/tr>\n<tr>\n<td>7 &#8211; 8\u00a0 Stunden \/ Tag<\/td>\n<td>260 \u20ac<\/td>\n<td>225 \u20ac<\/td>\n<\/tr>\n<tr>\n<td>8 &#8211; 9 Stunden \/ Tag<\/td>\n<td>280 \u20ac<\/td>\n<td>235 \u20ac<\/td>\n<\/tr>\n<\/tbody>\n<\/table>\n<\/figure>\n<p><!-- \/wp:table --><\/p>\n<p><!-- wp:paragraph --><\/p>\n<p>Eltern von Kinder im Kindergartenalter werden durch einen Beitragszuschuss in H\u00f6he von j\u00e4hrlich 1200 \u20ac entlastet.<\/p>\n<p><!-- \/wp:paragraph --><\/p>\n<p><!-- wp:table --><\/p>\n<figure class=\"wp-block-table\">\n<table>\n<tbody>\n<tr>\n<td><strong>Geschwisterbeitr\u00e4ge:<\/strong>\u00a01. Geschwisterkind\u00a0 \u00a0 \u00a0 \u00a0 \u00a0 \u00a0 \u00a0 \u00a0 \u00a0 \u00a0 \u00a0 \u00a0 \u00a0 \u00a0 \u00a0 \u00a0 \u00a0 \u00a0 \u00a0 \u00a0 \u00a0 \u00a0 \u00a0 \u00a0 \u00a0 \u00a0 20 \u20ac weniger <br \/>\u00a0 \u00a0 \u00a0 \u00a0 \u00a0 \u00a0 \u00a0 \u00a0 \u00a0 \u00a0 \u00a0 \u00a0 \u00a0 \u00a0 \u00a0 \u00a0 \u00a0 \u00a0 \u00a0 \u00a0 2. Geschwisterkind\u00a0 \u00a0 \u00a0 \u00a0 \u00a0 \u00a0 \u00a0 \u00a0 \u00a0 \u00a0 \u00a0 \u00a0 \u00a0 \u00a0 \u00a0 \u00a0 \u00a0 \u00a0 \u00a0 \u00a0 \u00a0 \u00a0 \u00a0 \u00a0 \u00a0 \u00a0 40 \u20ac weniger<\/td>\n<\/tr>\n<tr>\n<td>\u00a0<\/td>\n<\/tr>\n<\/tbody>\n<\/table>\n<\/figure>\n<p><!-- \/wp:table --><\/p>\n<p><!-- wp:table --><\/p>\n<figure class=\"wp-block-table\">\n<table>\n<tbody>\n<tr>\n<td>\u00a0\u00a0<\/td>\n<td>\u00a0Kindergarten\u00a0Hand in Hand<br \/>M. R.<\/td>\n<td>Kinderkrippe <br \/>Hand in Hand<br \/>M. R.<\/td>\n<td>Kindergarten <br \/>Engetried<\/td>\n<td>\u00a0<\/td>\n<\/tr>\n<tr>\n<td>Getr\u00e4nkegeld (monatlich)<\/td>\n<td>\u00a0\u00a0\u00a0\u00a0\u00a0\u00a0\u00a0\u00a0\u00a0\u00a0\u00a0 3 \u20ac\u00a0<\/td>\n<td>\u00a0\u00a0\u00a0\u00a0\u00a0\u00a0\u00a0\u00a0\u00a0\u00a0\u00a0 3\u00a0\u20ac<\/td>\n<td>\u00a0<\/td>\n<td>\u00a0<\/td>\n<\/tr>\n<tr>\n<td>Spezifische Zusatzbeitr\u00e4ge<\/td>\n<td>\u00a0\u00a0\u00a0\u00a0\u00a0\u00a0\u00a0\u00a0\u00a0\u00a0\u00a0<\/td>\n<td>\u00a0\u00a0\u00a0\u00a0\u00a0\u00a0\u00a0\u00a0\u00a0\u00a014 \u20ac <br \/>(Fr\u00fchst\u00fccksgeld, monatlich)<\/td>\n<td>\u00a0 \u00a0 \u00a0 \u00a0 \u00a0 \u00a0 \u00a014 \u20ac<br \/>(Fr\u00fchst\u00fccksgeld, monatlich)<\/td>\n<td>\u00a0 \u00a0<\/td>\n<\/tr>\n<\/tbody>\n<\/table>\n<\/figure>\n<p><!-- \/wp:table --><\/p>\n<p><!-- wp:table --><\/p>\n<figure class=\"wp-block-table\">\n<table>\n<tbody>\n<tr>\n<td>\u00a0<\/td>\n<td>\u00a0<\/td>\n<td>\u00a0<\/td>\n<\/tr>\n<tr>\n<td>\u00a0Mittagessen(w\u00f6chentlich\/Monat)<\/td>\n<td>unter 3 Jahre<\/td>\n<td>\u00fcber 3 Jahre\u00a0<\/td>\n<\/tr>\n<tr>\n<td>\u00a0<\/td>\n<td>\u00a0<\/td>\n<td>\u00a0<\/td>\n<\/tr>\n<tr>\n<td>\u00a01x Mittagessen<\/td>\n<td>18,60 \u20ac<\/td>\n<td>19,60 \u20ac<\/td>\n<\/tr>\n<tr>\n<td>2 x Mittagessen<\/td>\n<td>37,20 \u20ac<\/td>\n<td>39,20 \u20ac<\/td>\n<\/tr>\n<tr>\n<td>3 x Mittagessen<\/td>\n<td>55,80 \u20ac<\/td>\n<td>58,80 \u20ac<\/td>\n<\/tr>\n<tr>\n<td>4 x Mittagessen<\/td>\n<td>74,40 \u20ac<\/td>\n<td>78,40 \u20ac<\/td>\n<\/tr>\n<tr>\n<td>5 x Mittagessen<\/td>\n<td>93,00 \u20ac<\/td>\n<td>98,00 \u20ac<\/td>\n<\/tr>\n<\/tbody>\n<\/table>\n<\/figure>\n<p><!-- \/wp:table --><\/p>\t\t\t\t\t\t\t\t<\/div>\n\t\t\t\t<\/div>\n\t\t\t\t\t<\/div>\n\t\t<\/div>\n\t\t\t\t\t<\/div>\n\t\t<\/section>\n\t\t\t\t<\/div>\n\t\t","protected":false},"excerpt":{"rendered":"<p>Kindertagesst\u00e4tte &#8222;Hand in Hand&#8220; Markt Rettenbach &#8211; Engetried &#8211; Frechenrieden Herzlich Willkommen in unseren Kindertagesst\u00e4tten der Gemeinde Markt Rettenbach! Unsere katholischen Kindertagesst\u00e4tten mit ihren vier Standorten stellen wir Ihnen auf [&hellip;]<\/p>\n","protected":false},"author":1,"featured_media":0,"parent":2,"menu_order":200,"comment_status":"closed","ping_status":"closed","template":"","meta":{"_EventAllDay":false,"_EventTimezone":"","_EventStartDate":"","_EventEndDate":"","_EventStartDateUTC":"","_EventEndDateUTC":"","_EventShowMap":false,"_EventShowMapLink":false,"_EventURL":"","_EventCost":"","_EventCostDescription":"","_EventCurrencySymbol":"","_EventCurrencyCode":"","_EventCurrencyPosition":"","_EventDateTimeSeparator":"","_EventTimeRangeSeparator":"","_EventOrganizerID":[],"_EventVenueID":[],"_OrganizerEmail":"","_OrganizerPhone":"","_OrganizerWebsite":"","_VenueAddress":"","_VenueCity":"","_VenueCountry":"","_VenueProvince":"","_VenueState":"","_VenueZip":"","_VenuePhone":"","_VenueURL":"","_VenueStateProvince":"","_VenueLat":"","_VenueLng":"","_VenueShowMap":false,"_VenueShowMapLink":false,"footnotes":""},"class_list":["post-457","page","type-page","status-publish","hentry"],"_links":{"self":[{"href":"https:\/\/pg-markt-rettenbach.de\/startseite\/wp-json\/wp\/v2\/pages\/457","targetHints":{"allow":["GET"]}}],"collection":[{"href":"https:\/\/pg-markt-rettenbach.de\/startseite\/wp-json\/wp\/v2\/pages"}],"about":[{"href":"https:\/\/pg-markt-rettenbach.de\/startseite\/wp-json\/wp\/v2\/types\/page"}],"author":[{"embeddable":true,"href":"https:\/\/pg-markt-rettenbach.de\/startseite\/wp-json\/wp\/v2\/users\/1"}],"replies":[{"embeddable":true,"href":"https:\/\/pg-markt-rettenbach.de\/startseite\/wp-json\/wp\/v2\/comments?post=457"}],"version-history":[{"count":10,"href":"https:\/\/pg-markt-rettenbach.de\/startseite\/wp-json\/wp\/v2\/pages\/457\/revisions"}],"predecessor-version":[{"id":16760,"href":"https:\/\/pg-markt-rettenbach.de\/startseite\/wp-json\/wp\/v2\/pages\/457\/revisions\/16760"}],"up":[{"embeddable":true,"href":"https:\/\/pg-markt-rettenbach.de\/startseite\/wp-json\/wp\/v2\/pages\/2"}],"wp:attachment":[{"href":"https:\/\/pg-markt-rettenbach.de\/startseite\/wp-json\/wp\/v2\/media?parent=457"}],"curies":[{"name":"wp","href":"https:\/\/api.w.org\/{rel}","templated":true}]}}