{"id":533,"date":"2023-06-04T16:55:32","date_gmt":"2023-06-04T14:55:32","guid":{"rendered":"https:\/\/pg-markt-rettenbach.de\/neu\/?page_id=533"},"modified":"2026-01-22T12:12:06","modified_gmt":"2026-01-22T11:12:06","slug":"kindergarten-frechenrieden","status":"publish","type":"page","link":"https:\/\/pg-markt-rettenbach.de\/startseite\/startseite\/kita-hand-in-hand\/kindergarten-frechenrieden\/","title":{"rendered":"Kindergarten Frechenrieden"},"content":{"rendered":"\t\t<div data-elementor-type=\"wp-page\" data-elementor-id=\"533\" class=\"elementor elementor-533\" data-elementor-post-type=\"page\">\n\t\t\t\t\t\t<section class=\"elementor-section elementor-top-section elementor-element elementor-element-11248e8 elementor-section-boxed elementor-section-height-default elementor-section-height-default\" data-id=\"11248e8\" data-element_type=\"section\" data-e-type=\"section\">\n\t\t\t\t\t\t<div class=\"elementor-container elementor-column-gap-default\">\n\t\t\t\t\t<div class=\"elementor-column elementor-col-100 elementor-top-column elementor-element elementor-element-a5098bc\" data-id=\"a5098bc\" data-element_type=\"column\" data-e-type=\"column\">\n\t\t\t<div class=\"elementor-widget-wrap elementor-element-populated\">\n\t\t\t\t\t\t<div class=\"elementor-element elementor-element-6239e94 elementor-widget elementor-widget-button\" data-id=\"6239e94\" data-element_type=\"widget\" data-e-type=\"widget\" data-widget_type=\"button.default\">\n\t\t\t\t<div class=\"elementor-widget-container\">\n\t\t\t\t\t\t\t\t\t<div class=\"elementor-button-wrapper\">\n\t\t\t\t\t<a class=\"elementor-button elementor-button-link elementor-size-sm\" href=\"https:\/\/pg-markt-rettenbach.de\/wp-content\/uploads\/2025\/01\/Anmeldebogen-Kiga-Frechenrieden.pdf\">\n\t\t\t\t\t\t<span class=\"elementor-button-content-wrapper\">\n\t\t\t\t\t\t\t\t\t<span class=\"elementor-button-text\">Anmeldeunterlagen (download PDF)<\/span>\n\t\t\t\t\t<\/span>\n\t\t\t\t\t<\/a>\n\t\t\t\t<\/div>\n\t\t\t\t\t\t\t\t<\/div>\n\t\t\t\t<\/div>\n\t\t\t\t\t<\/div>\n\t\t<\/div>\n\t\t\t\t\t<\/div>\n\t\t<\/section>\n\t\t\t\t<section class=\"elementor-section elementor-top-section elementor-element elementor-element-ec9c417 elementor-section-boxed elementor-section-height-default elementor-section-height-default\" data-id=\"ec9c417\" data-element_type=\"section\" data-e-type=\"section\">\n\t\t\t\t\t\t<div class=\"elementor-container elementor-column-gap-default\">\n\t\t\t\t\t<div class=\"elementor-column elementor-col-100 elementor-top-column elementor-element elementor-element-4a4673d\" data-id=\"4a4673d\" data-element_type=\"column\" data-e-type=\"column\">\n\t\t\t<div class=\"elementor-widget-wrap elementor-element-populated\">\n\t\t\t\t\t\t<div class=\"elementor-element elementor-element-7c92bdc elementor-widget elementor-widget-heading\" data-id=\"7c92bdc\" data-element_type=\"widget\" data-e-type=\"widget\" data-widget_type=\"heading.default\">\n\t\t\t\t<div class=\"elementor-widget-container\">\n\t\t\t\t\t<h2 class=\"elementor-heading-title elementor-size-xl\">Kindergarten Frechenrieden<\/h2>\t\t\t\t<\/div>\n\t\t\t\t<\/div>\n\t\t\t\t\t<\/div>\n\t\t<\/div>\n\t\t\t\t\t<\/div>\n\t\t<\/section>\n\t\t\t\t<section class=\"elementor-section elementor-top-section elementor-element elementor-element-267d114b elementor-section-boxed elementor-section-height-default elementor-section-height-default\" data-id=\"267d114b\" data-element_type=\"section\" data-e-type=\"section\">\n\t\t\t\t\t\t<div class=\"elementor-container elementor-column-gap-default\">\n\t\t\t\t\t<div class=\"elementor-column elementor-col-100 elementor-top-column elementor-element elementor-element-42cb4a4a\" data-id=\"42cb4a4a\" data-element_type=\"column\" data-e-type=\"column\">\n\t\t\t<div class=\"elementor-widget-wrap elementor-element-populated\">\n\t\t\t\t\t\t<div class=\"elementor-element elementor-element-3d0ce3d5 elementor-widget elementor-widget-text-editor\" data-id=\"3d0ce3d5\" data-element_type=\"widget\" data-e-type=\"widget\" data-widget_type=\"text-editor.default\">\n\t\t\t\t<div class=\"elementor-widget-container\">\n\t\t\t\t\t\t\t\t\t<h1>CHRONIK UNSERES KINDERGARTENS<\/h1>\n<p><strong>1956<\/strong><\/p>\n<p>Seit 1956 befand sich der Kindergarten in der Kindergartenstra\u00dfe 5. In einem anderen Raum dieses Geb\u00e4udes war von 1958 \u2013 1966 auch die \u201eMittelklasse\u201c (3. und 4. Klasse) untergebracht.<\/p>\n<p><strong>1956 \u2013 1969<\/strong><\/p>\n<p>\u201eTante Luise\u201c Bader stand dem Kindergarten als Leiterin vor.<\/p>\n<p><strong>1969<\/strong><\/p>\n<p>\u201eTante Marie-Luise\u201c Wassermann aus Frickenhausen \u00fcbernahm die Leitung des Kindergartens bis zu ihrer Pensionierung im Jahre 2009.<\/p>\n<p><strong>2009<\/strong><\/p>\n<p>Feier des 40-j\u00e4hrigen Dienstjubil\u00e4ums von Frau Wassermann, zu dem sich auch sehr viele ehemalige Kindergartenkinder wieder einfanden und aufgestellt zu einer gro\u00dfen 40 als \u00dcberraschung f\u00fcr Frau Wassermann fotografieren lie\u00dfen. Anschlie\u00dfend ging sie in den Ruhestand.<\/p>\n<p><strong>SEPTEMBER 2009<\/strong><\/p>\n<p>Auf Antrag der Gemeinde \u00fcbernahm die kath. Kirchenstiftung unter Pfarrer Hermann Neu\u00df die Tr\u00e4gerschaft des Kindergartens. Dieser wurde dadurch Teil der drei Kinderg\u00e4rten Markt Rettenbach, Engetried und Frechenrieden unter der Gesamtleitung von Myria Bitzer. Ziel ist es durch enge Zusammenarbeit dieser drei Einrichtungen allen Vorschulkindern die gleichen Ausgangsvoraussetzungen f\u00fcr die Schule zu schaffen und die Erf\u00fcllung des Bayerischen Bildungs- und Erziehungsplanes zu gew\u00e4hrleisten. Als Hausleitung steht dem Kindergarten Petra Huber aus Erkheim vor.<\/p>\n<p><strong>2014<\/strong><\/p>\n<p>Mit tatkr\u00e4ftiger Unterst\u00fctzung der gesamten Elternschaft wird der Garten umgestaltet und ein extra f\u00fcr diesen Garten konzipiertes Spielger\u00e4t gebaut. Myria Schl\u00f6gel geht in Elternzeit. Ab sofort \u00fcbernimmt Michaela Holzhauser die Gesamtleitung der drei Einrichtungen.<\/p>\n<p><strong>2016<\/strong><\/p>\n<p>Ab September \u00fcbernimmt Pfarrer Guido Beck das Amt von Pfarrer Neu\u00df und somit auch die Leitung der Tr\u00e4gerschaft.<\/p>\n<p><strong>2020\/2021<\/strong><\/p>\n<p>Bau eines neuen Kindergartens in der Hochf\u00fcrststra\u00dfe 24. Im Keller entsteht ein Mehrzweckraum, der gemeinsam mit dem Sportverein genutzt wird.<\/p>\n<p><strong>JULI 2021<\/strong><\/p>\n<p>Die Kindergartenkinder, das Team und die Eltern der Kindergartenkinder ziehen in einem Festzug in den neuen Kindergarten.<\/p>\n<p><strong>SEPTEMBER 2021<\/strong><\/p>\n<p>Offizielle Einweihung<\/p>\n<p><strong>15.05.2022<\/strong><\/p>\n<p>Tag der offenen T\u00fcr<\/p>\n<h1>R\u00c4UMLICHE AUSSTATTUNG<\/h1>\n<p><strong>EINGANGSBEREICH<\/strong><\/p>\n<p>Auf der linken Seite neben der Eingangst\u00fcre befindet sich eine Pinnwand, <br \/>welche \u00fcber<\/p>\n<ul>\n<li>unsere \u00d6ffnungszeiten,<\/li>\n<li>verschiedene Angebote \u00f6rtlicher Vereine,<\/li>\n<li>Therapeuten und Fachdienste<\/li>\n<\/ul>\n<p>informiert. Au\u00dferdem k\u00f6nnen Eltern dort Informationen f\u00fcr andere Eltern aush\u00e4ngen.<\/p>\n<p><strong>INFOTAFEL<\/strong><\/p>\n<p>An der Infotafel haben die Eltern die M\u00f6glichkeit, sich \u00fcber alles Wichtige und Aktuelle die Gruppe betreffend, zu informieren. Au\u00dferdem h\u00e4ngt dort der w\u00f6chentliche Speiseplan f\u00fcr das Mittagessen aus.<\/p>\n<p>Neben der Pinnwand h\u00e4ngen T\u00e4felchen mit den Tagesr\u00fcckblicken. Auf diesen ist ersichtlich, was die Kinder am Vortag in der Gruppe gemacht haben.<\/p>\n<p>Daneben befindet sich ein Beh\u00e4ltnis, in dem die Eltern dem Elternbeirat oder \u00fcber den Elternbeirat auch uns Anregungen zukommen lassen k\u00f6nnen.<\/p>\n<p><strong>GRUPPENRAUM<\/strong><\/p>\n<p>Der Gruppe steht ein gro\u00dfer und heller Raum zur Verf\u00fcgung, der in einzelne Teilbereiche aufgegliedert ist:<\/p>\n<ul>\n<li>Eine gro\u00dfz\u00fcgig angelegte zweite Ebene, die wir haupts\u00e4chlich als Puppenecke n\u00fctzen oder nach Jahreszeit und Gruppenthema umgestalten<\/li>\n<li>Verschiedenen Spielecken (z.B. Bauernhof, Bauecke)<\/li>\n<li>Mehrere Tische f\u00fcr Lege-, Tisch- und Konstruktionsspielm\u00f6glichkeiten.<\/li>\n<li>Ein Ruhebereich, der mit einem Sofa ausgestattet ist und zum Bilderb\u00fccher anschauen oder ausruhen gen\u00fctzt werden kann<\/li>\n<li>In den Aufgang zur zweiten Ebene ist ein Ruheplatz integriert<\/li>\n<li>Ein Bereich, in dem unterschiedliche Wahrnehmungserfahrungen gemacht werden k\u00f6nnen, wie z. B. Leuchttisch, Sandknete<\/li>\n<li>Universell einsetzbare Teppiche, auf denen je nach Interesse mit Fahrzeugen gespielt oder mit diversem Konstruktionsmaterial gebaut werden kann. Dieser Raum wird auch f\u00fcr den Morgenkreis der J\u00fcngsten genutzt<\/li>\n<\/ul>\n<p><strong>K\u00dcCHE<\/strong><\/p>\n<p>Durch eine Schiebet\u00fcre ist der Gruppenraum mit der K\u00fcche verbunden. Diese wird sowohl f\u00fcr hauswirtschaftliche T\u00e4tigkeiten mit den Kindern als auch zu freien Brotzeiten und dem Mittagessen genutzt. Beim Kochen und Mittagessen genie\u00dfen wir den Vorteil, dass die Kinder die Anrichte \u00fcber eine kleine Treppe erreichen und dann in Erwachsenenh\u00f6he agieren k\u00f6nnen.<\/p>\n<p><strong>KREATIVRAUM<\/strong><\/p>\n<p>Er schlie\u00dft ebenfalls an den Gruppenraum an. Den Kindern stehen darin eine Werkbank, ein Mal- und Basteltisch, eine Staffelei und ein Trockenwagen zur Verf\u00fcgung. Au\u00dferdem ist der Raum mit einem Waschbecken ausgestattet. Die Kinder k\u00f6nnen dort mit verschiedenen Materialien kreativ werden.<\/p>\n<p><strong>WERKRAUM<\/strong><\/p>\n<p>Diesen n\u00fctzen wir gerne f\u00fcr gezielte Angebote, au\u00dferdem kann er von den Kindern nach Erlangen eines \u201eWerkstattf\u00fchrerscheins\u201c selbstst\u00e4ndig genutzt werden.<\/p>\n<p><strong>INTENSIVRAUM<\/strong><\/p>\n<p>Dieser ebenfalls sehr helle Raum wird f\u00fcr die Besch\u00e4ftigung in Kleingruppen genutzt, z.B. Morgenkreis f\u00fcr die \u00c4lteren, Vorschulprogramm, Entenland, religi\u00f6se Einheiten.<\/p>\n<p>Die Vorschulkinder k\u00f6nnen dort selbstt\u00e4tig die Materialien der Lernwerkst\u00e4tten nutzen. Au\u00dferdem befindet sich dort Spielmaterial f\u00fcr \u00e4ltere Kinder z.B. Material mit filigranen Kleinteilen, die von Kindern verschluckt werden k\u00f6nnten. Deshalb d\u00fcrfen unsere J\u00fcngsten im Intensivraum nur in Begleitung Erwachsener spielen.<\/p>\n<p><strong>ELTERNWARTERAUM UND THERAPIERAUM<\/strong><\/p>\n<p>Hier k\u00f6nnen die Eltern w\u00e4hrend der Eingew\u00f6hnung warten, wenn man eine kurze Trennung vom Kind versucht. Es k\u00f6nnen dort auch Elterngespr\u00e4che gef\u00fchrt werden. Au\u00dferdem steht er den verschiedenen Therapeuten zur Verf\u00fcgung.<\/p>\n<p><strong>HYGIENEBEREICH<\/strong><\/p>\n<p>Den Kindern stehen dort drei Toiletten zur Verf\u00fcgung. Davon entsprechen zwei der Gr\u00f6\u00dfe f\u00fcr Kindergartenkinder und die dritte ist kleiner und wird oft von Kindern genutzt, die gerade lernen \u201esauber\u201c zu werden, da sie auf dieser Toilette mit den F\u00fc\u00dfen den Boden ber\u00fchren k\u00f6nnen und somit Sicherheit haben. Zudem befinden sich dort ein Wickeltisch, auf dessen Liegefl\u00e4che die Kinder mit einer ausziehbaren Treppe selbst gelangen k\u00f6nnen und ein Waschbecken mit vier Armaturen, jeweils zwei f\u00fcr gr\u00f6\u00dfere und zwei f\u00fcr kleinere Kinder.<\/p>\n<p><strong>GARDEROBE<\/strong><\/p>\n<p>In der Garderobe hat jedes Kind seinen eigenen Platz, wo es sich an- und ausziehen kann. Dabei handeln wir nach dem Motto \u201eSo viel Hilfe wie n\u00f6tig, soviel Selbst\u00e4ndigkeit als m\u00f6glich\u201c oder wie Maria Montessori es ausdr\u00fcckte: \u201eHilf mir, es selbst zu tun.\u201c \u00dcber die Garderobe gelangen wir in den Garten.<\/p>\n<p><strong>GARTEN<\/strong><\/p>\n<p>Der Garten wird von unseren Kindern oft und gerne gen\u00fctzt. Hier steht ihnen ein eigens f\u00fcr diesen Kindergarten konzipiertes Spielger\u00e4t zur Verf\u00fcgung. Es besteht aus einem Bewegungspodest und einem Werkpodest. Diese beiden Ebenen sind durch Kletterseile miteinander verbunden.<\/p>\n<p>Das Bewegungspodest kann durch eine Kletterwand, eine Stammtreppe, die Kletterseile oder eine Leiter erreicht werden und zudem als Rutsche genutzt werden. Das Werkpodest kann durch eine Laderampe und die Kletterseile erreicht werden und verf\u00fcgt \u00fcber einen kleinen Seilzug und ein integriertes Sandsieb. Au\u00dferdem stehen den Kindern zwei Schaukeln und ein Sandkasten mit Schwengelpumpe zur Verf\u00fcgung. Ein ebenerdiges Trampolin, unterschiedlich hohe Baumst\u00fcmpfe zum Balancieren und Sitzen, ein Berg mit darin integrierter Rutsche geben den Kindern viele M\u00f6glichkeiten K\u00f6rpererfahrungen zu machen.<\/p>\n<p>Im Winter wird der Berg auch gerne zum Schlittenfahren genutzt. Die Kinder nutzen verschiedene Fahrzeuge, um die Wege abzufahren. Eine Holztafel zum Malen mit Kreide ist an der Gartenh\u00fctte angebracht. Begehrt zum Spielen sind auch die verschiedenen Holztiere.<\/p>\n<p>Gemeinsam mit Kindern und Eltern haben wir einen Naschgarten angelegt und ein Tomatenger\u00fcst gebaut sowie B\u00e4ume und Stauden gepflanzt. Im Naschgarten k\u00f6nnen die Kinder verschiedene Beeren im Jahreskreislauf probieren. Zudem bepflanzen wir in Altersgruppen drei Hochbeete. Diese sind entsprechend dem jeweiligen Alter in unterschiedlichen H\u00f6hen angeordnet. Die Kinder entscheiden gemeinsam mit der Erzieherin, was sie anpflanzen wollen und verarbeiten dies dann auch zusammen.<\/p>\n<p><strong>TURNRAUM<\/strong><\/p>\n<p>In den im Keller gelegenen Turnraum gelangen wir \u00fcber ein Treppenhaus im Eingangsbereich. Dort wird einmal w\u00f6chentlich eine angeleitete Turnstunde angeboten. Der Raum steht uns aber w\u00e4hrend der Kindergarten-\u00d6ffnungszeiten immer zur Verf\u00fcgung und so k\u00f6nnen wir ihn den Kindern auch als Bewegungsbaustelle oder bei schlechtem Wetter als Gartenersatz anbieten.<\/p>\n<h1>KINDER UND GRUPPE<\/h1>\n<p>Wir sind eine eingruppige Einrichtung und betreuen eine altersgemischte Gruppe mit M\u00e4dchen und Jungen im Alter zwischen 2,5 und 6 Jahren.<\/p>\n<p>Unser Kindergarten ist f\u00fcr 29 Kinder ausgerichtet, die von drei Erzieherinnen und zwei Kinderpflegerinnen betreut werden.<\/p>\n<p>Wir legen sehr viel Wert darauf, dass sich die Kinder bei uns wohlf\u00fchlen und achten auf ein wertsch\u00e4tzendes, tolerantes und mitf\u00fchlendes Miteinander in der Gruppe.<\/p>\n<p>Sehr wichtig ist es uns auch, die Kinder f\u00fcr die Sch\u00f6pfung zu sensibilisieren, indem wir sie viele Naturerfahrungen machen lassen.<\/p>\n<p>Au\u00dferdem orientieren wir uns sehr an den 5 S\u00e4ulen des Kneipp-Konzeptes Bewegung, Ern\u00e4hrung, Heilkr\u00e4uter, Wasser und Lebensordnung. Wir versuchen auch t\u00e4glich, eine Wasseranwendung zu machen.\u00a0<\/p>\n<h1>ALLGEMEINE AKTIONEN IM KINDERGARTENALLTAG<\/h1>\n<p><strong>GEBURTSTAGSFEIER<\/strong><\/p>\n<p>Die Geburtstage aller Kinder werden bei uns gefeiert. Der Ablauf des Festes steht unter einem j\u00e4hrlich wechselnden Motto.<\/p>\n<p><strong>NAMENSTAGSFEIER<\/strong><\/p>\n<p>Im Stuhlkreis darf sich das Namenstagskind in die Kreismitte auf einen geschm\u00fcckten Platz setzen. Es werden u.a. Lieder gesungen und ein Namenstags-Spiel gespielt. Dazu erh\u00e4lt jedes Kind ein kleines Geschenk.<\/p>\n<p><strong>KOCHEN<\/strong><\/p>\n<p>Auch hauswirtschaftliche T\u00e4tigkeiten sind uns wichtig. Deshalb kochen wir bei Gelegenheit oder bereiten ein gesundes Fr\u00fchst\u00fcck mit den Kindern zu. Bei diesem Fr\u00fchst\u00fcck gibt es auch mal M\u00fcsli, Gem\u00fcse mit Dip, Marmeladen- und Honigbrote oder wir kochen einfache Gerichte, bei denen die Kinder gut mithelfen k\u00f6nnen, z.B. Gem\u00fcsesuppe oder Obstsalat. Unsere K\u00fccheneinrichtung, die so konzipiert ist, dass die Kinder auf einem Podest die optimale Arbeitsh\u00f6he haben, ist daf\u00fcr sehr hilfreich.<\/p>\n<p><strong>ICH-MAPPE<\/strong><\/p>\n<p>Das Kind erlebt viel im Kindergarten. Es spielt nicht nur allein und mit anderen Kindern, es nimmt auch an vielen Besch\u00e4ftigungs- und F\u00f6rderangeboten und an vielen Aktionen teil. Wir m\u00f6chten die Erfahrungen und Erlebnisse des Kindes in der Gruppe aufgreifen, Bilder und andere Dinge sammeln und in einer lebendig gestalteten Ich-Mappe zusammenstellen.<\/p>\n<p>Unsere Absicht ist es, das Kind zu ermutigen und sein Selbstbewusstsein zu st\u00e4rken. Die Mappe dient also dazu, seine Kindergartenerlebnisse und Entwicklungs- und Lernfortschritte zu dokumentieren. Die Kinder haben erfahrungsgem\u00e4\u00df viel Freude daran und sind stolz auf ihre Erlebnisse und Werke. Sie lieben es, die Mappen immer wieder zu betrachten und fangen an, sich an Dinge und Situationen zu erinnern, die eigene Entwicklung bewusst zu erleben und davon zu erz\u00e4hlen: \u201eSchau, da war der Peter noch in unserer Gruppe. Da war ich noch so klein.\u201c Die Mappe soll f\u00fcr Kind und Eltern zug\u00e4nglich sein und dient auch als Grundlage f\u00fcr Elterngespr\u00e4che. Am Ende der Kindergartenzeit bekommt das Kind seine Mappe mit nach Hause.<\/p>\n<p>Portfolios, die die Kinder aus einer anderen Einrichtung (z.B. Krippe) mitbringen, werden weitergef\u00fchrt, um den Kindern den \u00dcbergang zu erleichtern.<\/p>\n<p><strong>SPIELZEUGTAG<\/strong><\/p>\n<p>Jedes Kind darf einmal im Monat ein Spielzeug von zu Hause mitbringen und den Tag daf\u00fcr selbst ausw\u00e4hlen. Dies vermerkt es dann selbst in einer Liste. Auf diese Weise entwickeln die Kinder ganz nebenbei ein Gef\u00fchl f\u00fcr die Zeit (ich muss noch so viele Tage warten, bis der neue Monat anf\u00e4ngt). J\u00fcngere Kinder, denen es noch schwerf\u00e4llt, sich von ihrem Kuscheltier zu trennen, d\u00fcrfen dieses jedoch selbstverst\u00e4ndlich t\u00e4glich mitbringen, damit ihnen der \u00dcbergang Elternhaus-Kindergarten erleichtert wird.<\/p>\n<p><strong>TURNEN<\/strong><\/p>\n<p>Einmal w\u00f6chentlich gehen wir zum angeleiteten Turnen. Die Turnhalle steht den Kindern jedoch auch \u00f6fter zur Verf\u00fcgung.<\/p>\n<p><strong>ENTENLAND<\/strong><\/p>\n<p>Eine j\u00e4hrlich wiederkehrende gezielte Besch\u00e4ftigung ist \u201eEntdeckungen im Entenland.\u201c Daran nehmen beispielsweise die mittleren Kinder teil.<\/p>\n<p>Im Mittelpunkt dieses Konzepts steht:<\/p>\n<ul>\n<li>Das Kennenlernen von Farben und Pr\u00e4positionen<\/li>\n<li>Das Kennenlernen von ebenen Formen, auch in Kombination mit Farben<\/li>\n<li>Genaueres Kennenlernen und Vertiefen von Zahlen, W\u00fcrfeln und Simultanerfassung<\/li>\n<\/ul>\n<p>Dies alles entdecken die Kinder mit Hilfe eines kleinen Entenkindes, das durch seine Neugier und seinen Entdeckungsdrang Vorbild f\u00fcr die Kinder ist.<\/p>\n<p><strong>VORSCHULE<\/strong><\/p>\n<p>F\u00fcr die Vorschulkinder besteht die M\u00f6glichkeit, die Zahlenwerkstatt oder Sprachwerkstatt zu besuchen. Zwei Mal w\u00f6chentlich wird dies als gezielte Besch\u00e4ftigung angeboten. Dabei kommen auch Elemente aus \u201eEntdeckungen im Zahlenland\u201c vor. Im Mittelpunkt dieses Konzepts f\u00fcr die fr\u00fche mathematische Bildung steht der Aufbau des Zahlenbegriffs mit all seinen Aspekten.<\/p>\n<p>Au\u00dferdem verwenden wir Elemente aus dem \u201eW\u00fcrzburger Sprachmodell\u201c, um die Kinder auf das Lese- und Schreibenlernen vorzubereiten. Dabei \u00fcben die Kinder das genaue Hinh\u00f6ren, Ger\u00e4usche zuordnen, das Richtungsh\u00f6ren, reimen, S\u00e4tze und W\u00f6rter zerlegen sowie die sprachliche Merkf\u00e4higkeit. Also alles Dinge, die f\u00fcr den sp\u00e4teren Schrifterwerb notwendig sind.<\/p>\n<p>Die Kinder k\u00f6nnen die verwendeten Materialien, sehr viele aus dem Montessori-Bereich, jederzeit selbstst\u00e4ndig holen und sich damit besch\u00e4ftigen. Hier steht ihnen der Intensivraum zur Verf\u00fcgung.<\/p>\n<p>Au\u00dferdem gestalten die Vorschulkinder einen Jahres-Kalender und bekommen monatlich Ordneraufgaben. Diese beinhalten z.B., dass sie Aufgaben aus verschiedenen Spielbereichen eigenverantwortlich erledigen sollen.<\/p>\n<h1>TAGESABLAUF<\/h1>\n<p><strong>SO KANN EIN TAG IM KINDERGARTEN AUSSEHEN<\/strong><\/p>\n<p>W\u00e4hrend der <strong>Fr\u00fchdienstzeit <\/strong>kommen die ersten Kinder, die hierf\u00fcr angemeldet sind, in den Kindergarten. In der allgemeinen Bringzeit trudeln dann auch die restlichen Kinder im Kindergarten ein. Dabei ist es uns wichtig, dass sie bis zur Gruppenzimmert\u00fcre gebracht werden und uns mit Handschlag begr\u00fc\u00dfen, denn damit beginnt unsere Aufsichtspflicht und wir nehmen sie bewusst wahr.<\/p>\n<p>Die Kinder besch\u00e4ftigen sich zun\u00e4chst am Tisch und k\u00f6nnen dann je nach Interesse in den Ecken spielen. Kurz vor Ende der Spielzeit k\u00fcndigen wir dies an, um f\u00fcnf Minuten sp\u00e4ter die erste Freispielzeit mit dem Aufr\u00e4umlied zu beenden.<\/p>\n<p>Wenn die Bringzeit zu Ende ist, machen wir einen <strong>Morgenkreis.<\/strong><\/p>\n<p>Hierbei treffen sich alle Kinder der Gruppe mit Sitzpolstern in einem Kreis. Wir singen gemeinsam ein Begr\u00fc\u00dfungslied und jedes Kind darf sein Bild an die Magnetwand pinnen, wenn sein Name im Lied erw\u00e4hnt wird. Wir besprechen gemeinsam, wer heute alles da ist, welche Kinder fehlen. Im Morgenkreis werden die Geburtstage und Namenstage gemeinsam gefeiert. Ansonsten trennt sich die Gruppe nach dem gemeinsamen Lied. Die j\u00fcngeren Kinder bleiben in der Gruppe und gestalten zusammen einen Stuhlkreis mit z.B. einer Bilderbuchbetrachtung, Sing- und Bewegungsspielen, Klanggeschichten, religi\u00f6sen Einheiten, Liedern. Die \u00e4lteren Kinder gehen in den Intensivraum und tun dasselbe. So kann, was Inhalt und Intensit\u00e4t angeht, auf den unterschiedlichen Entwicklungsstand der Kinder eingegangen werden.<\/p>\n<p>Danach ist <strong>Freispiel <\/strong>angesagt. Die Kinder k\u00f6nnen sich aussuchen, wo, womit, wie lange und mit wem sie spielen wollen. Um m\u00f6glichst harmonisch spielen zu k\u00f6nnen, sind jedoch auch einige Regeln notwendig, die den Umgang miteinander erleichtern. So d\u00fcrfen beispielsweise nur eine bestimmte Anzahl von Kindern in die einzelnen Spielecken. Dies regeln die Kinder mittels einer Magnettafel selbst\u00e4ndig. An dieser Tafel ist ersichtlich, wie viele Kinder in den einzelnen Spielbereichen spielen k\u00f6nnen und ob noch Pl\u00e4tze frei sind. Die Kinder k\u00f6nnen dann ihr Foto im gew\u00fcnschten Bereich anbringen. Den \u00e4lteren Kindern stehen mehr R\u00e4ume zur Verf\u00fcgung, da in diesen R\u00e4umen auch Spielmaterial zu finden ist, welches f\u00fcr die j\u00fcngeren nicht geeignet ist, z. B. wegen verschluckbarer Kleinteile.<\/p>\n<p>W\u00e4hrend der Freispielzeit finden auch verschiedene <strong>Angebote in altersentsprechenden Kleingruppen <\/strong>statt, z. B. Entenland, Vorschulkinderangebot, Turnen.<\/p>\n<p>In dieser Zeit bieten wir den Kindern auch verschiedene allgemeine Angebote an, <br \/>z.B. Bastelarbeiten, Experimente, Kochen usw., die im Bezug zu unserem gegenw\u00e4rtigen Projekt stehen und den Kindern Abwechslung und individuelle F\u00f6rderung bieten.<\/p>\n<p>W\u00e4hrend der Freispielzeit haben die Kinder auch die M\u00f6glichkeit, frei zu entscheiden, wann und mit wem sie <strong>die Brotzeit einnehmen <\/strong>m\u00f6chten. Ein gro\u00dfes Anliegen ist es uns jedoch, dass das Kind von zuhause eine gesunde Brotzeit mitbringt und auf Milchschnitte oder \u00e4hnliches m\u00f6glichst verzichtet wird.<\/p>\n<p>Nach dem <strong>Aufr\u00e4umlied <\/strong>wissen alle Kinder, dass die Freispielzeit beendet ist und dass es jetzt ans Aufr\u00e4umen geht. Jeder r\u00e4umt sein Spielmaterial auf und hilft den anderen Kindern noch mit.<\/p>\n<p>Wenn es das Wetter zul\u00e4sst, gehen wir danach in den <strong>Garten, <\/strong>wo die Kinder selbst\u00e4ndig spielen k\u00f6nnen, sich austoben d\u00fcrfen und ihrem Bewegungsdrang an der frischen Luft nachgehen k\u00f6nnen. Dann beginnt die Abholzeit. Dabei ist es uns sehr wichtig, dass sich die Kinder von uns pers\u00f6nlich mit Handschlag verabschieden, um so den genauen \u00dcberblick zu behalten.<\/p>\n<p>Danach beginnt der <strong>Mittagsdienst. <\/strong>In unserer Einrichtung wird an den langen Tagen <strong>warmes Mittagessen <\/strong>angeboten, das in Warmhalteboxen zu uns in die Einrichtung gebracht wird. Die Kinder k\u00f6nnen, bedingt durch die H\u00f6he des Podests auf der Anrichte, selbst aussch\u00f6pfen und dann mit dem gef\u00fcllten Teller zu ihrem Platz zur\u00fcckkehren.<\/p>\n<p>Danach ist an den Tagen, an denen ganzt\u00e4gig ge\u00f6ffnet ist, <strong>Mittagsruhe<\/strong>. Wir achten darauf, dass dabei nur ruhigen Besch\u00e4ftigungen nachgegangen wird oder bieten an, dass sich die Kinder auf Matratzen zur\u00fcckziehen k\u00f6nnen und Musikh\u00f6ren k\u00f6nnen.<\/p>\n<p><strong>Montag und Mittwoch ist der Kindergarten ganzt\u00e4gig ge\u00f6ffnet.<\/strong><\/p>\n<p>An den anderen Tagen bringen die Kinder eine weitere Brotzeit mit. Sie werden dann ganz individuell abgeholt.<\/p>\n<p><strong>Am Nachmittag <\/strong>stehen den Kindern auch alle R\u00e4ume zur Verf\u00fcgung und wir nutzen nach M\u00f6glichkeit intensiv den Garten oder gehen in den Turnraum.<\/p>\t\t\t\t\t\t\t\t<\/div>\n\t\t\t\t<\/div>\n\t\t\t\t\t<\/div>\n\t\t<\/div>\n\t\t\t\t\t<\/div>\n\t\t<\/section>\n\t\t\t\t<section class=\"elementor-section elementor-top-section elementor-element elementor-element-a6da309 elementor-section-boxed elementor-section-height-default elementor-section-height-default\" data-id=\"a6da309\" data-element_type=\"section\" data-e-type=\"section\">\n\t\t\t\t\t\t<div class=\"elementor-container elementor-column-gap-default\">\n\t\t\t\t\t<div class=\"elementor-column elementor-col-100 elementor-top-column elementor-element elementor-element-90fe5e0\" data-id=\"90fe5e0\" data-element_type=\"column\" data-e-type=\"column\">\n\t\t\t<div class=\"elementor-widget-wrap elementor-element-populated\">\n\t\t\t\t\t\t<div class=\"elementor-element elementor-element-501b616 elementor-align-center elementor-widget elementor-widget-button\" data-id=\"501b616\" data-element_type=\"widget\" data-e-type=\"widget\" data-widget_type=\"button.default\">\n\t\t\t\t<div class=\"elementor-widget-container\">\n\t\t\t\t\t\t\t\t\t<div class=\"elementor-button-wrapper\">\n\t\t\t\t\t<a class=\"elementor-button elementor-button-link elementor-size-sm\" href=\"https:\/\/pg-markt-rettenbach.de\/startseite\/startseite\/kita-hand-in-hand\/kindergarten-frechenrieden\/raeumlichkeiten-in-frechenrieden\/\">\n\t\t\t\t\t\t<span class=\"elementor-button-content-wrapper\">\n\t\t\t\t\t\t\t\t\t<span class=\"elementor-button-text\">Hier geht es zu den R\u00e4umlichkeiten im Kindergarten Frechenrieden<\/span>\n\t\t\t\t\t<\/span>\n\t\t\t\t\t<\/a>\n\t\t\t\t<\/div>\n\t\t\t\t\t\t\t\t<\/div>\n\t\t\t\t<\/div>\n\t\t\t\t\t<\/div>\n\t\t<\/div>\n\t\t\t\t\t<\/div>\n\t\t<\/section>\n\t\t\t\t<\/div>\n\t\t","protected":false},"excerpt":{"rendered":"<p>Anmeldeunterlagen (download PDF) Kindergarten Frechenrieden CHRONIK UNSERES KINDERGARTENS 1956 Seit 1956 befand sich der Kindergarten in der Kindergartenstra\u00dfe 5. In einem anderen Raum dieses Geb\u00e4udes war von 1958 \u2013 1966 [&hellip;]<\/p>\n","protected":false},"author":1,"featured_media":0,"parent":457,"menu_order":230,"comment_status":"closed","ping_status":"closed","template":"","meta":{"_EventAllDay":false,"_EventTimezone":"","_EventStartDate":"","_EventEndDate":"","_EventStartDateUTC":"","_EventEndDateUTC":"","_EventShowMap":false,"_EventShowMapLink":false,"_EventURL":"","_EventCost":"","_EventCostDescription":"","_EventCurrencySymbol":"","_EventCurrencyCode":"","_EventCurrencyPosition":"","_EventDateTimeSeparator":"","_EventTimeRangeSeparator":"","_EventOrganizerID":[],"_EventVenueID":[],"_OrganizerEmail":"","_OrganizerPhone":"","_OrganizerWebsite":"","_VenueAddress":"","_VenueCity":"","_VenueCountry":"","_VenueProvince":"","_VenueState":"","_VenueZip":"","_VenuePhone":"","_VenueURL":"","_VenueStateProvince":"","_VenueLat":"","_VenueLng":"","_VenueShowMap":false,"_VenueShowMapLink":false,"footnotes":""},"class_list":["post-533","page","type-page","status-publish","hentry"],"_links":{"self":[{"href":"https:\/\/pg-markt-rettenbach.de\/startseite\/wp-json\/wp\/v2\/pages\/533","targetHints":{"allow":["GET"]}}],"collection":[{"href":"https:\/\/pg-markt-rettenbach.de\/startseite\/wp-json\/wp\/v2\/pages"}],"about":[{"href":"https:\/\/pg-markt-rettenbach.de\/startseite\/wp-json\/wp\/v2\/types\/page"}],"author":[{"embeddable":true,"href":"https:\/\/pg-markt-rettenbach.de\/startseite\/wp-json\/wp\/v2\/users\/1"}],"replies":[{"embeddable":true,"href":"https:\/\/pg-markt-rettenbach.de\/startseite\/wp-json\/wp\/v2\/comments?post=533"}],"version-history":[{"count":10,"href":"https:\/\/pg-markt-rettenbach.de\/startseite\/wp-json\/wp\/v2\/pages\/533\/revisions"}],"predecessor-version":[{"id":16234,"href":"https:\/\/pg-markt-rettenbach.de\/startseite\/wp-json\/wp\/v2\/pages\/533\/revisions\/16234"}],"up":[{"embeddable":true,"href":"https:\/\/pg-markt-rettenbach.de\/startseite\/wp-json\/wp\/v2\/pages\/457"}],"wp:attachment":[{"href":"https:\/\/pg-markt-rettenbach.de\/startseite\/wp-json\/wp\/v2\/media?parent=533"}],"curies":[{"name":"wp","href":"https:\/\/api.w.org\/{rel}","templated":true}]}}